{"id":4022,"date":"2023-07-20T10:31:45","date_gmt":"2023-07-20T10:31:45","guid":{"rendered":"https:\/\/www.mecspebari.it\/?page_id=4022"},"modified":"2023-12-01T13:41:32","modified_gmt":"2023-12-01T13:41:32","slug":"cuore-mostra","status":"publish","type":"page","link":"https:\/\/www.mecspebari.it\/it\/cuore-mostra\/","title":{"rendered":"Cuore Mostra: Transizione Energetica e Sostenibilit\u00e0 nell&#8217;industria manifatturiera"},"content":{"rendered":"[vc_row el_class=&#8221;my-1&#8243;][vc_column][vc_row_inner][vc_column_inner el_class=&#8221;py-lg-2 px-lg-5&#8243; width=&#8221;2\/3&#8243;][vc_column_text]\n<h3>Cuore Mostra<\/h3>\n[\/vc_column_text][vc_text_separator title=&#8221;Padiglione 20 &#8211; A12&#8243; i_icon_fontawesome=&#8221;fas fa-map-marker-alt&#8221; i_color=&#8221;custom&#8221; i_background_style=&#8221;rounded&#8221; title_align=&#8221;separator_align_left&#8221; align=&#8221;align_left&#8221; color=&#8221;custom&#8221; add_icon=&#8221;true&#8221; i_custom_color=&#8221;#006838&#8243; accent_color=&#8221;#006838&#8243;][vc_column_text]L&#8217;iniziativa principale della manifestazione atta a trattare tematiche di stretta attualit\u00e0 e rilevanza per l\u2019industria manifatturiera e non solo.<\/p>\n<p><strong>MECSPE<\/strong> in ogni sua edizione, organizza un CUORE MOSTRA ovvero un\u2019iniziativa speciale volta ad anticipare le tendenze di mercato e a divulgare contenuti di innovazione, attraverso la realizzazione di filiere produttive dimostrative, tavole rotonde, speech e momenti di confronto, realizzati con la collaborazione di partner, espositori della manifestazione e sponsor tecnici.<\/p>\n<p>Il titolo che MECSPE BARI 2023 porter\u00e0 in scena \u00e8<br \/>\n<strong>\u201cTRANSIZIONE ENERGETICA E INDUSTRIA 4.0: SOSTENIBILIT\u00c0 NELL\u2019INDUSTRIA MANIFATTURIERA\u201d<\/strong>[\/vc_column_text][vc_column_text]\n<h5>Esperti di tecnologia e di mercato illustreranno le varie sfide del futuro e il loro impatto su ambiente, economia e ambito sociale, indicando misure e soluzioni adottabili da parte delle aziende. Il tutto supportato da best practice e case history di successo.<\/h5>\n<p><a class=\"btn btn-lg btn-primary my-2\" href=\"#programma\">Area Speech<\/a>[\/vc_column_text][\/vc_column_inner][vc_column_inner el_class=&#8221;p-1 p-sm-3 p-lg-4 bg-darker&#8221; width=&#8221;1\/3&#8243;][vc_column_text]\n<h3>Programma<\/h3>\n[\/vc_column_text][vc_wp_custommenu nav_menu=&#8221;47&#8243;][\/vc_column_inner][\/vc_row_inner][\/vc_column][\/vc_row][vc_row equal_height=&#8221;yes&#8221; content_placement=&#8221;middle&#8221; el_class=&#8221;my-1 bg-gray&#8221;][vc_column][vc_row_inner equal_height=&#8221;yes&#8221; content_placement=&#8221;top&#8221;][vc_column_inner el_class=&#8221;col-img&#8221; width=&#8221;1\/3&#8243; css=&#8221;.vc_custom_1695906432720{background-image: url(\/public\/uploads\/sites\/16\/1_Ecofinish_Cataforesi.jpg?id=4958) !important;background-position: center !important;background-repeat: no-repeat !important;background-size: cover !important;}&#8221;][\/vc_column_inner][vc_column_inner el_class=&#8221;py-lg-2 px-lg-5&#8243; width=&#8221;2\/3&#8243;][vc_column_text css_animation=&#8221;fadeIn&#8221;]\n<h3>La cataforesi come processo pi\u00f9 sostenibile di verniciatura<\/h3>\n<p>La<strong> cataforesi<\/strong> \u00e8 un processo di verniciatura elettrolitica a <strong>basso impatto ambientale<\/strong>, in grado di conferire ai componenti metallici una notevole resistenza alla corrosione. \u00c8 un rivestimento di resina epossidica di colore nero che avviene a seguito dell\u2019immersione dell\u2019articolo da trattare nella vasca contenente la vernice cataforetica. Il pezzo si riveste tramite l\u2019esposizione nel componente da verniciare, ad una corrente continua che porta la vernice a coagularsi sul componente, per poi dover essere cotto in forno, dove la vernice reticola fino ad indurire<\/p>\n<p>La tendenza degli ultimi anni, alla luce della sostenibilit\u00e0 dei mezzi di trasporto, ha visto una <strong>maggiore attenzione da parte delle case automobilistiche nella scelta di materiali e trattamenti pi\u00f9 in linea con l\u2019ambiente<\/strong>.<\/p>\n<p>All\u2019interno dell\u2019area saranno esposti prodotti lavorati con questo trattamento, tra cui:<\/p>\n<ul>\n<li>BULL BAR MONTATO SUI MEZZI INVECO DEFENCE<\/li>\n<li>MONTANTI PER ALLESTIMENTO VEICOLI<\/li>\n<li>MOLLE PER CONTATORI INDUSTRIALI ABB<\/li>\n<\/ul>\n[\/vc_column_text][vc_text_separator title=&#8221;Perch\u00e9 la cataforesi \u00e8 pi\u00f9 green rispetto ad altri trattamenti?&#8221; title_align=&#8221;separator_align_left&#8221; align=&#8221;align_left&#8221; css_animation=&#8221;fadeIn&#8221;][vc_column_text css_animation=&#8221;fadeIn&#8221;]La cataforesi pu\u00f2 essere considerato un trattamento a basso impatto ambientale, in quanto il <strong>contenuto di solventi utilizzati durante la lavorazione \u00e8 molto pi\u00f9 basso rispetto ad altre pi\u00f9 tradizionali<\/strong> (2-3% di solventi a differenza di altri processi che ne richiedono fino al 40%).<br \/>\nTrattandosi di un processo ad immersione, non avviene la nebulizzazione della vernice, comune nelle tradizionali verniciature a spruzzo, evitando l\u2019effetto dell\u2019overspray, ovvero quella parte di vernice spruzzata che non si deposita sulla superficie da verniciare, con la conseguente dispersione in atmosfera dei solventi presenti in essa.<\/p>\n<p>Un\u2019altra differenza rispetto ad altri tipi di lavorazioni \u00e8 l\u2019<strong>assenza d\u2019uso di materiali quali cromati e cianuri<\/strong> usati per trattare i metalli ma che sono cancerogeni per l\u2019uomo e per l\u2019ambiente.<\/p>\n<p>La cataforesi \u00e8 un trattamento che negli anni sta subendo continue evoluzioni dal punto di vista dell\u2019impatto ambientale. Tra gli obiettivi vi \u00e8 la continua diminuzione dei metalli pesanti, per quanto in millesima parte, utilizzati nella formulazione di alcuni prodotti del processo.<br \/>\nNe \u00e8 un esempio la sostituzione del piombo con lo stagno, in uno dei prodotti che formulano la vernice cataforetica.<br \/>\nAltro esempio \u00e8 nella fase di preparazione della superficie del componente da trattare, l\u2019utilizzo dell\u2019acido fosforico invece dell\u2019acido cloridrico, che \u00e8 molto dannoso sia per l\u2019uomo che per l\u2019ambiente data la formazione di fumi corrosivi anche a basse temperature.<br \/>\nTutte queste accortezze fanno s\u00ec che si riduca il rischio per la salute dei dipendenti che lavorano nelle aziende che effettuano il trattamento di cataforesi.<br \/>\nE nonostante questi accorgimenti l\u2019azienda <strong>Ecofinish<\/strong> ha deciso di incapsulare l\u2019intero impianto con pannellature, dotandolo di un apposito sistema di aspirazione, grazie anche a porte elettroniche che impediscono l\u2019ingresso del personale mentre l\u2019impianto \u00e8 in funzione.[\/vc_column_text][vc_column_text css_animation=&#8221;fadeIn&#8221;]<em>Partner:<\/em>[\/vc_column_text][vc_single_image image=&#8221;4946&#8243; img_size=&#8221;medium&#8221; css_animation=&#8221;fadeIn&#8221;][\/vc_column_inner][\/vc_row_inner][\/vc_column][\/vc_row][vc_row el_class=&#8221;my-1&#8243;][vc_column][vc_row_inner equal_height=&#8221;yes&#8221; content_placement=&#8221;top&#8221;][vc_column_inner el_class=&#8221;py-lg-2 px-lg-5&#8243; width=&#8221;2\/3&#8243;][vc_column_text css_animation=&#8221;fadeIn&#8221;]\n<h3>Metrologia dimensionale per applicazioni industriali<\/h3>\n<p>Le macchine di misura a coordinate, gi\u00e0 ampiamente diffuse in ogni ambito industriale, permettono l\u2019esecuzione di tali verifiche in modo rapido, preciso ed affidabile.<\/p>\n<p>All\u2019interno dell\u2019area verr\u00e0 esposta la <strong>macchina di misura multisensore Optiv M<\/strong> che effettuer\u00e0 lavorazioni per il <strong>collaudo dimensionale di particolari lavorati e stampati per il settore automotive<\/strong>, grazie a:<\/p>\n<ul>\n<li><strong>Telecamera CCD<\/strong> ad altissima risoluzione per la misura 2D e 3D di componenti di piccole e piccolissime dimensioni o delicati e flessibili;<\/li>\n<li><strong>Sensore per scansione tattile<\/strong> per la misura a contatto di componenti prismatici o a superficie libera;<\/li>\n<li><strong>Software di misura PC-DMIS<\/strong> per la gestione delle misure ottiche e tattili nella stessa sessione di misura, programmazione basata su modello CAD.<\/li>\n<\/ul>\n<p>Il software e la macchina garantiscono la connessione e lo scambio di dati e programmi con ambienti e applicazioni esterne per la piena compatibilit\u00e0 con i requisiti Industria 4.0.<\/p>\n<p>\u00c8 possibile, inoltre, automatizzare il sistema con sistemi robotizzati di carico\/scarico dei pezzi e integrazione in sistemi di produzione.[\/vc_column_text][vc_column_text css_animation=&#8221;fadeIn&#8221;]<em>Partner:<\/em>[\/vc_column_text][vc_single_image image=&#8221;4948&#8243; img_size=&#8221;medium&#8221; css_animation=&#8221;fadeIn&#8221;][\/vc_column_inner][vc_column_inner el_class=&#8221;col-img&#8221; width=&#8221;1\/3&#8243; css=&#8221;.vc_custom_1695910089719{background-image: url(\/public\/uploads\/sites\/16\/Measurement-and-inspection-hardware_hero-marquee.jpg?id=4981) !important;background-position: center !important;background-repeat: no-repeat !important;background-size: cover !important;}&#8221;][\/vc_column_inner][\/vc_row_inner][\/vc_column][\/vc_row][vc_row equal_height=&#8221;yes&#8221; content_placement=&#8221;middle&#8221; el_class=&#8221;my-1 bg-gray&#8221;][vc_column][vc_row_inner equal_height=&#8221;yes&#8221; content_placement=&#8221;top&#8221;][vc_column_inner el_class=&#8221;col-img&#8221; width=&#8221;1\/3&#8243; css=&#8221;.vc_custom_1695906917751{background-image: url(\/public\/uploads\/sites\/16\/mano-ambientalista-di-vita-sostenibile-che-tiene-la-terra-verde-holding-scaled.jpg?id=4964) !important;background-position: center !important;background-repeat: no-repeat !important;background-size: cover !important;}&#8221;][\/vc_column_inner][vc_column_inner el_class=&#8221;py-lg-2 px-lg-5&#8243; width=&#8221;2\/3&#8243;][vc_column_text css_animation=&#8221;fadeIn&#8221;]\n<h3>Obiettivo sostenibilit\u00e0<\/h3>\n<p>La sostenibilit\u00e0 \u00e8 un tema sempre pi\u00f9 centrale nelle strategie aziendali ed \u00e8 ritenuta una priorit\u00e0 assoluta da 8 PMI su 10. Intraprendere un percorso di sostenibilit\u00e0, nelle sue tre declinazioni <strong>ambientale<\/strong>, <strong>sociale<\/strong> e di <strong>governance<\/strong> rappresenta una scelta imprescindibile per affrontare le molteplici sfide globali e rispondere alle richieste del mercato e degli stakeholder.<\/p>\n<p><strong>All\u2019interno dell\u2019area Project Hub 360 presenter\u00e0 casi concreti di valutazione di impatto ambientale<\/strong><\/p>\n<ul>\n<li><strong>VALUTAZIONI ESG+C: Best practice<\/strong><\/li>\n<\/ul>\n<p>Durante la Manifestazione verr\u00e0 presentato un caso concreto di Assessment tra due espositori, partner dell\u2019area: <strong>PROJECT HUB 360 &amp; ECOFINISH<\/strong>. Ecofinish aprir\u00e0 le porte della sua azienda a specialisti del Team di Project Hub che tramite indagini sul campo e teoriche valuteranno l\u2019impatto ambientale delle loro lavorazioni in cataforesi, un trattamento superficiale per i metalli.[\/vc_column_text][vc_column_text css_animation=&#8221;fadeIn&#8221;]<em>Partner:<\/em>[\/vc_column_text][vc_single_image image=&#8221;5390&#8243; img_size=&#8221;full&#8221; css_animation=&#8221;fadeIn&#8221;][\/vc_column_inner][\/vc_row_inner][\/vc_column][\/vc_row][vc_row el_class=&#8221;my-1&#8243;][vc_column][vc_row_inner equal_height=&#8221;yes&#8221; content_placement=&#8221;top&#8221;][vc_column_inner el_class=&#8221;py-lg-2 px-lg-5&#8243; width=&#8221;2\/3&#8243;][vc_column_text css_animation=&#8221;fadeIn&#8221;]\n<h3>Produzione intelligente per una manifattura pi\u00f9 sostenibile: riduzione degli sprechi e valorizzazione delle persone attraverso l&#8217;Industrial Data Analytics<\/h3>\n<p>Nell&#8217;era dell&#8217;industria 4.0, l&#8217;efficienza produttiva non \u00e8 solo una sfida da superare, ma un&#8217;opportunit\u00e0 da abbracciare. L\u2019utilizzo dei dati deve essere considerato un valido supporto della sostenibilit\u00e0 sociale ed ambientale.<\/p>\n<p>La missione di <strong>smartFAB<\/strong> va oltre la semplice ottimizzazione dei processi: grazie alla loro piattaforma che combina <em>automated augmented data discovery<\/em>, <em>advanced data analytics<\/em> e <em>action-based dashboards<\/em>, in soluzioni di Industrial Data Analytics, <strong>promuovono la sostenibilit\u00e0 sociale e ambientale all&#8217;interno del settore manifatturiero<\/strong>.<\/p>\n<p>All\u2019interno della loro area, tramite l\u2019approccio Human in the Loop, verranno mostrate soluzioni che forniscono a operatori, tecnici, ingegneri e responsabili di produzione la possibilit\u00e0 di meglio comprendere i processi produttivi indipendentemente dalle proprie competenze, favorendone il coinvolgimento nelle decisioni aziendali e nel miglioramento dell\u2019operativit\u00e0. Ci\u00f2 garantisce una collaborazione efficace tra macchina e uomo, dove la prima potr\u00e0 migliorare grazie alla conoscenza di dominio del lavoratore, mentre il secondo sar\u00e0 facilitato nelle sue mansioni e stimolato dalla possibilit\u00e0 di interrogare criticamente la macchina, sentendosi parte della soluzione.<\/p>\n<p>Inoltre, sar\u00e0 possibile comprendere come la piattaforma smartFAB offra la possibilit\u00e0 di identificare ed <strong>intervenire sulle aree di spreco<\/strong>, contribuendo alla <strong>riduzione dell&#8217;impatto ambientale della produzione<\/strong>.<\/p>\n<p>L&#8217;obiettivo \u00e8 quello di <strong>ridurre gli sprechi<\/strong> e <strong>aumentare l\u2019efficienza<\/strong> rispettivamente di almeno 30% e 20%. Ci\u00f2 porter\u00e0 a un miglior utilizzo delle risorse, minori emissioni e un impatto ambientale ridotto. Consentir\u00e0 inoltre alle aziende di concentrarsi sulla gestione del ciclo di vita dei propri macchinari grazie alla manutenzione predittiva, contribuendo ad estendere la loro durata e riducendo cos\u00ec ulteriormente gli sprechi.[\/vc_column_text][vc_column_text css_animation=&#8221;fadeIn&#8221;]<em>Partner:<\/em>[\/vc_column_text][vc_single_image image=&#8221;4955&#8243; img_size=&#8221;medium&#8221; css_animation=&#8221;fadeIn&#8221;][\/vc_column_inner][vc_column_inner el_class=&#8221;col-img&#8221; width=&#8221;1\/3&#8243; css=&#8221;.vc_custom_1695907108134{background-image: url(\/public\/uploads\/sites\/16\/slider-bg-1.jpg?id=4971) !important;background-position: center !important;background-repeat: no-repeat !important;background-size: cover !important;}&#8221;][\/vc_column_inner][\/vc_row_inner][\/vc_column][\/vc_row][vc_row equal_height=&#8221;yes&#8221; content_placement=&#8221;middle&#8221; el_class=&#8221;my-1 bg-gray&#8221;][vc_column][vc_row_inner equal_height=&#8221;yes&#8221; content_placement=&#8221;top&#8221;][vc_column_inner el_class=&#8221;col-img&#8221; width=&#8221;1\/3&#8243; css=&#8221;.vc_custom_1697202943139{background-image: url(\/public\/uploads\/sites\/16\/HEIDENHAIN_EMO2023_Footsteps_WEB.jpg?id=5324) !important;background-position: center !important;background-repeat: no-repeat !important;background-size: cover !important;}&#8221;][\/vc_column_inner][vc_column_inner el_class=&#8221;py-lg-2 px-lg-5&#8243; width=&#8221;2\/3&#8243;][vc_column_text css_animation=&#8221;fadeIn&#8221;]\n<h3>Soluzioni per maggiore sicurezza di processo e sostenibilit\u00e0 nella produzione automatizzata<\/h3>\n<p>Produrre pi\u00f9 velocemente, ottenere maggiore qualit\u00e0, essere produttivi pi\u00f9 a lungo salvaguardando le risorse: questi sono i requisiti della produzione moderna. Per raggiungere questi obiettivi, gli utilizzatori si aspettano dalle loro macchine pi\u00f9 trucioli in meno tempo con risultati di lavorazione perfetti a partire dal primo pezzo con consumi e footprint CO2 ridotti. Le soluzioni intelligenti di HEIDENHAIN aprono ulteriori possibilit\u00e0 per massime prestazioni, sicurezza di processo ed efficienza dei costi. A MECSPE Bari 2023, all\u2019interno del Cuore Mostra vengono presentati:<\/p>\n<ul>\n<li>Il <strong>nuovo livello di controllo numerico TNC7<\/strong> con funzioni evolute, che assicurano un controllo del movimento ottimale per maggiore accuratezza, asportazione e affidabilit\u00e0<\/li>\n<li><strong>StateMonitor<\/strong> e i <strong>software della Fabbrica Digitale<\/strong> per l\u2019interconnessione dell\u2018officina, indipendentemente dal costruttore della macchina e del CNC impiegato, che migliorano nettamente la qualit\u00e0 dei processi<\/li>\n<li>I <strong>sistemi di misura lineari e angolari<\/strong> di nuova generazione con minor footprint CO2<\/li>\n<li><strong>Sensori e sistemi di tastatura<\/strong> per misure in process affidabili a tutto vantaggio di un incremento del tempo produttivo.<\/li>\n<\/ul>\n<p>Tutte queste soluzioni contribuiscono a <strong>limitare l\u2019impatto ambientale delle macchine<\/strong> e a <strong>renderle pi\u00f9 efficienti dal punto di vista delle prestazioni e del consumo risorse<\/strong>, riducono i tempi passivi o di fermo macchina e rappresentano, quindi, le misure pi\u00f9 efficaci per <strong>contenere la domanda di energia in officina<\/strong>.[\/vc_column_text][vc_column_text css_animation=&#8221;fadeIn&#8221;]<em>Partner:<\/em>[\/vc_column_text][vc_single_image image=&#8221;5326&#8243; img_size=&#8221;medium&#8221; css_animation=&#8221;fadeIn&#8221;][\/vc_column_inner][\/vc_row_inner][\/vc_column][\/vc_row][vc_row el_class=&#8221;my-1&#8243; el_id=&#8221;programma&#8221;][vc_column el_class=&#8221;py-lg-2 px-lg-5&#8243;][vc_empty_space][vc_text_separator title=&#8221;AREA SPEECH&#8221; i_icon_fontawesome=&#8221;far fa-comments&#8221; i_color=&#8221;custom&#8221; color=&#8221;custom&#8221; css_animation=&#8221;fadeIn&#8221; add_icon=&#8221;true&#8221; accent_color=&#8221;#006633&#8243; i_custom_color=&#8221;#006633&#8243;][vc_column_text]\n<p style=\"text-align: center;\"><a class=\"btn btn-lg btn-primary my-2\" href=\"https:\/\/www.mecspebari.it\/\/public\/uploads\/sites\/16\/MECSPE-Bari-23_Programma_CUORE-MOSTRA.pdf\" target=\"_blank\" rel=\"noopener\">Scarica il programma completo<\/a><\/p>\n[\/vc_column_text][vc_empty_space height=&#8221;20px&#8221;][vc_row_inner][vc_column_inner width=&#8221;1\/4&#8243;][vc_single_image image=&#8221;4978&#8243; img_size=&#8221;medium&#8221; css_animation=&#8221;fadeInDown&#8221;][\/vc_column_inner][vc_column_inner width=&#8221;3\/4&#8243;][vc_column_text css_animation=&#8221;fadeInDown&#8221;]<em>Venerd\u00ec 24 Novembre\u00a0 |\u00a0 10.00 \u2013 10.15\u00a0 \u00a0|\u00a0 <\/em>Padiglione <strong>20<\/strong>, Arena <strong>A<\/strong><\/p>\n<h3>La digitalizzazione a supporto della sostenibilit\u00e0<\/h3>\n<h5>Come le nuove tecnologie digitali, in ambito industriale, stanno rivoluzionando il concetto di OEE e di Sostenibilit\u00e0?<\/h5>\n<p><strong>Relatore:<\/strong> <em>Roberto Caffarelli<\/em>, Sales &amp; Business Development Manager PFB[\/vc_column_text][vc_separator][vc_column_text css_animation=&#8221;fadeInDown&#8221;]Concetti come il <strong>Right at First Time<\/strong>, il <strong>Condition Monitoring<\/strong> e la <strong>Manutenzione Predittiva<\/strong>, contribuiscono a rendere la produzione pi\u00f9 flessibile, pi\u00f9 efficiente e ad ottimizzare l\u2019utilizzo energetico e delle materie prime, aumentando al contempo la capacit\u00e0 produttiva e la qualit\u00e0 finale.<\/p>\n<p>Tutto ci\u00f2 ponendo l\u2019Essere Umano al centro dei processi, in un <strong>ecosistema pi\u00f9 user friendly<\/strong>, <strong>sicuro<\/strong> e <strong>sostenibile<\/strong>.[\/vc_column_text][\/vc_column_inner][\/vc_row_inner][vc_empty_space height=&#8221;10px&#8221;][vc_separator color=&#8221;custom&#8221; accent_color=&#8221;#006838&#8243;][vc_empty_space height=&#8221;10px&#8221;][vc_row_inner][vc_column_inner width=&#8221;1\/4&#8243;][vc_single_image image=&#8221;4976&#8243; img_size=&#8221;medium&#8221; css_animation=&#8221;fadeInDown&#8221;][\/vc_column_inner][vc_column_inner width=&#8221;3\/4&#8243;][vc_column_text css_animation=&#8221;fadeInDown&#8221;]<em>Venerd\u00ec 24 Novembre\u00a0 |\u00a0 10.20 \u2013 10.35\u00a0 \u00a0|\u00a0 <\/em>Padiglione <strong>20<\/strong>, Arena <strong>A<\/strong><\/p>\n<h3>Soluzioni di automazione innovative per l&#8217;industria automobilistica<\/h3>\n<p><strong>Relatore:<\/strong> <em>Giuseppe Lettere<\/em>, Technical Sales Engineer[\/vc_column_text][vc_separator][vc_column_text css_animation=&#8221;fadeInDown&#8221;]L&#8217;industria automobilistica \u00e8 uno dei settori industriali pi\u00f9 importanti. Dopo anni di internazionalizzazione e boom globale, l&#8217;industria continua ad affrontare nuove sfide. La crescente consapevolezza in materia ambientale e le richieste di maggiore sostenibilit\u00e0 richiedono un ripensamento, che si riflette, tra l&#8217;altro, nei concetti di mobilit\u00e0 intelligente. Tutto ci\u00f2 \u00e8 accompagnato da un cambiamento tecnologico che pone i produttori e i fornitori di automobili di fronte a un&#8217;elevata pressione sui costi e a richieste di produttivit\u00e0 e qualit\u00e0 in costante aumento.<\/p>\n<p>La <strong>tecnologia di controllo PC-based<\/strong> di Beckhoff \u00e8 ideale in molti processi complessi nella produzione automobilistica: dal controllo delle presse e della saldatura nella produzione di carrozzerie alla produzione di batterie e motori per veicoli elettrici. L&#8217;integrazione di tutte le funzioni di controllo su una piattaforma PC centrale garantisce un&#8217;interazione efficiente tra tutti i componenti e la massima produttivit\u00e0. Si evitano i tempi di latenza che si verificano quando sistemi diversi comunicano. Allo stesso tempo, il controllo basato su PC consente di beneficiare di vantaggi in termini di costi, eliminando l&#8217;hardware e riducendo il lavoro di installazione e manutenzione. Un&#8217;ampia gamma di interfacce e il supporto per tutti i pi\u00f9 comuni sistemi di bus di campo e protocolli software garantiscono una comunicazione orizzontale e verticale coerente, a partire dal collegamento in rete delle singole macchine sul campo fino al collegamento in rete a livello IT e al cloud. L&#8217;elevato livello di compatibilit\u00e0 di EtherCAT garantisce la semplice integrazione di molti dispositivi diversi, anche di fornitori terzi, nel sistema di controllo. Ci\u00f2 consente di ottenere la massima flessibilit\u00e0 nella progettazione delle macchine.[\/vc_column_text][\/vc_column_inner][\/vc_row_inner][vc_empty_space height=&#8221;10px&#8221;][vc_separator color=&#8221;custom&#8221; accent_color=&#8221;#006838&#8243;][vc_empty_space height=&#8221;10px&#8221;][vc_row_inner][vc_column_inner width=&#8221;1\/4&#8243;][vc_single_image image=&#8221;5561&#8243; img_size=&#8221;medium&#8221; css_animation=&#8221;fadeInDown&#8221;][\/vc_column_inner][vc_column_inner width=&#8221;3\/4&#8243;][vc_column_text css_animation=&#8221;fadeInDown&#8221;]<em>Sabato 25 Novembre\u00a0 |\u00a0 11.40 \u2013 12.25\u00a0 \u00a0|\u00a0 <\/em>Padiglione <strong>20<\/strong>, Arena <strong>A<\/strong><\/p>\n<h3>Applicazioni innovative ai processi produttivi delle PMI negli scenari aperti da Industria 5.0<\/h3>\n<p><strong>Modera: <\/strong><em>Michele Vanzi<\/em>, Power to your Business<br \/>\n<strong>Relatori: <\/strong><em>Laura Taddei<\/em>, AI Specialist \u2013 Betacom IT; <em>Sandro Maffiodo<\/em>, IoT &amp; Cyber Security Specialist \u2013 Betacom IT; <em>Guido Calliano<\/em>, Responsabile Unit Manufactuiring \u2013 Betacom IT; <em>Federico Monti<\/em>, Blockchain Specialist \u2013 Notarify[\/vc_column_text][vc_separator][vc_column_text css_animation=&#8221;fadeInDown&#8221;]<em><strong>\u201cApplicazioni innovative ai processi produttivi delle PMI negli scenari aperti da Industria 5.0\u201d<\/strong><\/em> affronta tematiche legate alle competenze e alle tecnologie necessarie per affrontare le sfide di Industria 5.0 con una speciale attenzione per le PMI.<br \/>\nAttraverso una sequenza di case history, si parler\u00e0 di:<\/p>\n<ul>\n<li><strong>Interfaccia Uomo \/ Macchina semplificata<\/strong>, facile da usare e personalizzata per l&#8217;utente, tramite dispositivi tradizionali ma anche di nuova generazione (VR);<\/li>\n<li><strong>L&#8217;importanza della sicurezza dei dati<\/strong>, trasmessi tramite protocolli criptati standard, con sistemi di certificazione sull&#8217;origine e sull&#8217;immutabilit\u00e0 del dato;<\/li>\n<li><strong>L&#8217;intelligenza artificiale a misura d&#8217;uomo<\/strong>, per aiutare la creazione di analisi sui dati pi\u00f9 sintetiche, comprensibili ed essenziali (GPT AI);<\/li>\n<li><strong>Una rappresentazione dei dati flessibile<\/strong>, un formato dati unico che permetta l&#8217;interoperabilit\u00e0 tra piccole aziende e grandi aziende.<\/li>\n<\/ul>\n<p>Inoltre, verr\u00e0 affrontata la case history <strong>\u201cProtocollo Betacom\u201d<\/strong>: come garantire standard tecnologici e di processo per identificare soluzioni IT, progetti e prodotti Industria 5.0 compliance.[\/vc_column_text][\/vc_column_inner][\/vc_row_inner][vc_empty_space height=&#8221;10px&#8221;][vc_separator color=&#8221;custom&#8221; accent_color=&#8221;#006838&#8243;][vc_empty_space height=&#8221;10px&#8221;][vc_row_inner][vc_column_inner width=&#8221;1\/4&#8243;][vc_single_image image=&#8221;5842&#8243; img_size=&#8221;medium&#8221; css_animation=&#8221;fadeInDown&#8221;][\/vc_column_inner][vc_column_inner width=&#8221;3\/4&#8243;][vc_column_text css_animation=&#8221;fadeInDown&#8221;]<em>Sabato 25 Novembre\u00a0 |\u00a0 14.30 \u2013 15.00\u00a0 |\u00a0 <\/em>Padiglione <strong>20<\/strong>, Arena <strong>A<\/strong><\/p>\n<h3>Le sfide dell\u2019ESG con il digitale \u2013 il connubio vincente tra i dati ESG ed il MES NET@PRO di Qualitas<\/h3>\n<p><strong>Relatore: <\/strong><em>Fabrizio Bolli<\/em>, Business Development Director \u2013 Qualitas, gruppo Impresoft[\/vc_column_text][vc_separator][vc_column_text css_animation=&#8221;fadeInDown&#8221;]Il nostro futuro \u00e8 segnato da un passaggio, da fabbrica intelligente a intelligenza in fabbrica. Di questo ne siamo sicuri e convinti. Come <strong>Qualitas<\/strong>, crediamo fermamente nel promuovere talenti, proteggendo e promuovendo la diversit\u00e0 attraverso un percorso che mette al centro le persone.<br \/>\n<strong><u>La fabbrica intelligente<\/u><\/strong> \u00e8 pi\u00f9 attenta a gestire le risorse, pi\u00f9 collaborativa e sicura per le persone, ma soprattutto in grado di fornire i dati e le informazioni indispensabili per prendere le migliori decisioni e guardare lontano nel nome del benessere di tutti. Essere <strong>lungimiranti<\/strong>, ecco <strong>questo \u00e8 il nostro compito<\/strong>. Sappiamo tutti, ormai e sempre pi\u00f9 che i produttori sono costantemente sotto pressione per fornire prodotti per una domanda sempre crescente e sempre pi\u00f9 veloce, senza errori e ritardi.<\/p>\n<p>Avere un&#8217;impostazione di produzione efficiente inizia con l&#8217;utilizzo di un sistema di Fabbrica come <strong>NET@PRO<\/strong>, che efficienti le operazioni, supporti le risorse nelle fasi produttive, rilevi i dati delle macchine e del personale di produzione. Conoscere le informazioni in tempo reale dei reparti attraverso un continuo miglioramento, controllare ed anticipare la manutenzione degli impianti, sono temi molto importanti e da non sottovalutare.<\/p>\n<h5><strong>Cos\u2019\u00e8 Industry 5.0 e quali sono le sue caratteristiche<\/strong><\/h5>\n<p>C\u2019\u00e8 chi la definisce come la ri-umanizzazione della corsa all\u2019automazione. Chi, invece, pensa che Industria 5.0 riguardi le persone che lavorano insieme a robot e macchine intelligenti, che aiutano gli esseri umani a lavorare meglio e pi\u00f9 velocemente sfruttando tecnologie avanzate, aggiungendo \u201cl\u2019estro umano\u201d ai pilastri dell\u2019Industria 4.0 di automazione ed efficienza.<\/p>\n<p style=\"text-align: center\"><em><strong>\u201cL\u2019Industria 5.0 \u00e8 destinata a concentrarsi sul ritorno delle mani e delle menti umane nella struttura industriale\u201d.<\/strong><\/em><\/p>\n<p>Sono certo che i rischi maggiori per l\u2019industria si materializzerebbero se non ci si impegnasse tutti nella pi\u00f9 ampia trasformazione della societ\u00e0 verso la sostenibilit\u00e0, la centralit\u00e0 dell\u2019uomo e la resilienza, perdendo cos\u00ec competitivit\u00e0 nel lungo periodo. Chi vuole il cambiamento inizi, noi abbiamo iniziato da molto tempo e non ci fermeremo.<\/p>\n<h5>ESG, il piano impresa 4.0\u2026 mette la quinta.<br \/>\n<em>Il modello ESG e la quinta rivoluzione industriale<\/em><\/h5>\n<p>Il <strong>modello ESG<\/strong> \u00e8 legato a doppio filo a una nuova idea di societ\u00e0, quella della cosiddetta <strong>quinta rivoluzione industriale<\/strong>, o rivoluzione 5.0. E cio\u00e8 il passaggio che la nostra societ\u00e0 deve prepararsi ad affrontare.<br \/>\nUn passaggio attraverso cui riscrivere il concetto di \u201cazienda\u201d partendo proprio dalle innovazioni tecnologiche introdotte dal piano impresa 4.0.<br \/>\nPer <strong>rimettere al centro l\u2019individuo e la sua unicit\u00e0<\/strong>, che non potranno mai essere sostituiti da una macchina ma solo aiutati a esprimersi al meglio.<\/p>\n<p>La <strong>rivoluzione 5.0<\/strong> riconosce il potere dell\u2019industria di raggiungere obiettivi sociali che vanno anche oltre l\u2019occupazione e la crescita. Il paradigma 4.0 ci ha permesso di avere produzioni intelligenti, ambienti interconnessi e processi pi\u00f9 smart, fronti su cui ancora il nostro sistema presenta ritardi. E questa \u00e8 la strada che dobbiamo battere, perch\u00e9 la tecnologia \u00e8 indubbiamente l\u2019elemento trainante verso questo nuovo modello di societ\u00e0. Una <strong>tecnologia<\/strong> che porta vantaggi non solo in termini di incentivi finanziari o fiscali, ma direttamente come risultati tangibili sul sistema fabbrica. La <strong>fabbrica intelligente \u00e8 pi\u00f9 attenta a gestire le risorse<\/strong>, pi\u00f9 collaborativa e sicura per le persone, ma soprattutto in grado di fornire i dati e le informazioni indispensabili per prendere le migliori decisioni e guardare lontano nel nome del benessere di tutti. Realizzando cio\u00e8 nel concreto proprio le visioni dell\u2019approccio ESG.[\/vc_column_text][\/vc_column_inner][\/vc_row_inner][vc_empty_space height=&#8221;10px&#8221;][vc_separator color=&#8221;custom&#8221; accent_color=&#8221;#006838&#8243;][vc_empty_space height=&#8221;10px&#8221;][vc_row_inner][vc_column_inner width=&#8221;1\/4&#8243;][vc_single_image image=&#8221;6075&#8243; img_size=&#8221;medium&#8221; css_animation=&#8221;fadeInDown&#8221;][\/vc_column_inner][vc_column_inner width=&#8221;3\/4&#8243;][vc_column_text css_animation=&#8221;fadeInDown&#8221;]<em>Venerd\u00ec 24 Novembre\u00a0 |\u00a0 11.45 \u2013 13.15\u00a0 |\u00a0 <\/em>Padiglione <strong>20<\/strong>, Arena <strong>A<\/strong><\/p>\n<h3>L\u2019economia dell\u2019idrogeno: opportunit\u00e0 di sviluppo per il territorio<\/h3>\n<p><strong>Relatore:<\/strong> <em>Giuseppe Bratta<\/em>, Presidente[\/vc_column_text][vc_separator][vc_column_text css_animation=&#8221;fadeInDown&#8221;]Nell\u2019ambito della Fiera MECSPE 2023, il <strong>Distretto \u201cLa Nuova Energia\u201d<\/strong> congiuntamente alla stessa organizzazione del MECSPE ha organizzato un momento di <strong>confronto su opportunit\u00e0 e sviluppi dell\u2019economia dell\u2019idrogeno tra Enti<\/strong>, <strong>Azienda<\/strong>, <strong>Universit\u00e0<\/strong> per fare punto \u201cbilancio\u201d pugliese e scenari ipotizzabili tecnologici, sociali, ed economici per la nostra Regione Puglia.<\/p>\n<p>In particolare, la <strong>decarbonizzazione<\/strong> del comparto di produzione dell\u2019energia, dell\u2019industria e dei trasporti \u00e8 uno dei principali obiettivi che la maggior parte dei Paesi del mondo (Italia inclusa) si sono prefissati nel breve e nel lungo termine al fine di ridurre l\u2019impatto ambientale e poter salvaguardare il Pianeta dalle minacce dei cambiamenti climatici.<br \/>\nIn tale scenario, la sola produzione di energia elettrica attraverso fonti rinnovabili non garantisce una piena e sicura continuit\u00e0 di esercizio, specie se la stessa proviene da elementi naturali non controllabili e che, per questo motivo, risultano non essere programmabili. Lo <strong>stoccaggio<\/strong> e il successivo utilizzo dell\u2019energia prodotta nei momenti di picco, che non pu\u00f2 essere utilizzata direttamente (over-capacity), risulta essere il crocevia per rendere anche le fonti rinnovabili non programmabili un potente mezzo per ridurre le emissioni di agenti serra. Inoltre, la possibilit\u00e0 di utilizzare un vettore energetico come l\u2019<strong>idrogeno<\/strong> per lo stoccaggio dell\u2019energia prodotta pu\u00f2 diventare decisivo per l\u2019utilizzo dello stesso in numerosi campi di applicazione (trasporti, industria ad alta richiesta di calore, metallurgica, civili), soprattutto con riferimento al cosiddetto idrogeno verde (idrogeno prodotto esclusivamente da fonti rinnovabili) che nei prossimi anni dovr\u00e0 necessariamente aumentare, per poter riuscire a raggiungere gli obiettivi di riduzione di emissioni prefissati.<br \/>\nFondamentale sar\u00e0 anche l\u2019apporto di <strong>ricerca e sviluppo<\/strong> e soprattutto economico che il settore pubblico e quello privato potranno offrire in questo campo per la velocizzazione di questa fase di transizione dell\u2019uso dell\u2019idrogeno su larga scala.[\/vc_column_text][vc_column_text css_animation=&#8221;fadeInDown&#8221; el_class=&#8221;py-lg-2 px-lg-3&#8243; css=&#8221;.vc_custom_1699867051215{background-color: #f9f9f9 !important;}&#8221;]\n<h4>Programma<\/h4>\n<p><strong>Introduzione e saluti<\/strong><br \/>\n<em>Beppe Bratta<\/em>, Presidente Distretto \u201cLa Nuova Energia\u201d<\/p>\n<p><strong>\u201cLa politica ed azioni regionali su sviluppo idrogeno in Puglia\u201d<\/strong><br \/>\n<em>Ing. Alessandro Delli Noci<\/em>, Assessore allo Sviluppo Economico della Regione Puglia e Coordinatore Osservatorio Idrogeno Regione Puglia Regione Puglia<\/p>\n<p><strong>Sviluppo e scenari tecnologici<\/strong><br \/>\n<em>Prof. Riccardo Amirante<\/em>, Professore ordinario di Sistemi Energetici del Politecnico di Bari e Vice Presidente Distretto \u201cLa Nuova Energia\u201d<\/p>\n<p><strong>Kmetro verde Polo Tecnologico per economia Circolare e le Fonti Rinnovabili \u2013 \u201cLa produzione dell\u2019idrogeno all\u2019interno del mix delle fonti rinnovabili\u201d<\/strong><br \/>\n<em>Ing. Marcello Salvatori<\/em>, Amministratore Unico Sistemi Energetici SpA<\/p>\n<p><strong>Progetto Hydrogen Valley \u201cPuglia\u201d<\/strong><br \/>\nEDISON NEXT<\/p>\n<p><strong>Infrastruttura per mobilit\u00e0 ed idrogeno<\/strong><br \/>\n<em>Ing. Alessandro Fiorucci<\/em>, WOLFTANK<\/p>\n<p><strong>Iter autorizzativi progetti idrogeno<\/strong><br \/>\n<em>Ing. Gianluca Biscotti<\/em>, Amministratore BFP<\/p>\n<p><strong>Acquedotto Pugliese<\/strong><br \/>\n<em>Prof. Domenico Laforgia<\/em>, Presidente di AQP[\/vc_column_text][vc_empty_space][vc_column_text css_animation=&#8221;fadeInDown&#8221;]<em>Gioved\u00ec 23 Novembre\u00a0 |\u00a0 15.45 \u2013 17.30\u00a0 |\u00a0 <\/em>Padiglione <strong>20<\/strong>, Arena <strong>A<\/strong><\/p>\n<h3>Comunit\u00e0 Energetiche: collaborazione per rivoluzione verde<\/h3>\n<p><strong>Relatore:<\/strong> <em>Giuseppe Bratta<\/em>, Presidente[\/vc_column_text][vc_separator][vc_column_text css_animation=&#8221;fadeInDown&#8221;]Sono quasi due anni che si \u00e8 sviluppato un dibattito importante attorno al tema delle <strong>Comunit\u00e0 energetiche<\/strong>. Esse sono <strong>modelli innovativi di produzione<\/strong>, <strong>distribuzione<\/strong> e <strong>consumo<\/strong> di energia elettrica generata esclusivamente da fonti rinnovabili. Questi modelli nascono dall\u2019associazione di pi\u00f9 attori \u2013 persone fisiche, piccole o medie imprese o pubbliche amministrazioni \u2013 che decidono di unirsi per sviluppare uno o pi\u00f9 impianti condivisi per la <strong>produzione<\/strong> e l\u2019<strong>autoconsumo di energia da fonti rinnovabili<\/strong>.<\/p>\n<p>La possibilit\u00e0 di <strong>auto-produrre<\/strong> e <strong>auto-consumare energia rinnovabile<\/strong> da parte di cittadini, Enti ed Imprese sar\u00e0 quindi fondamentale per la riuscita della transizione<br \/>\nenergetica . Le comunit\u00e0 energetiche saranno, nel lungo termine, il modello che useremo per produrre e distribuire energia elettrica alle nostre utenze elettriche.<br \/>\nLa creazione delle <strong>CER<\/strong> verr\u00e0 guidata da diversi soggetti, che favoriranno l\u2019ingresso delle imprese e dei consumatori, tramite una vera e propria attivit\u00e0 promozione.<\/p>\n<p>I <strong>protagonisti<\/strong> di questa promozione saranno abbastanza differenziati:<\/p>\n<ul>\n<li>aziende del settore energetico;<\/li>\n<li>singoli professionisti;<\/li>\n<li>aziende del settore immobiliare che venderanno nuovi appartamenti inseriti \u201cchiavi in mano\u201d in una CER.<\/li>\n<\/ul>\n<p>Gli aspetti da considerare per un vero sviluppo delle CER sono di natura: regolatoria, tecnica, economica, giuridica, fiscale e sociale.[\/vc_column_text][vc_column_text css_animation=&#8221;fadeInDown&#8221; el_class=&#8221;py-lg-2 px-lg-3&#8243; css=&#8221;.vc_custom_1699867097799{background-color: #f9f9f9 !important;}&#8221;]\n<h4>Programma<\/h4>\n<p><strong>Introduzione<\/strong><br \/>\n<em>Beppe Bratta<\/em>, Presidente del Distretto delle energie rinnovabili e dell\u2019efficienza energetica pugliese \u201cLa Nuova Energia\u201d<\/p>\n<p><strong>La politica regionale sullo sviluppo delle CER <\/strong>*<br \/>\n<em>Avv.to Gianna Elisa Berlingerio<\/em>, Direttora Dipartimento Sviluppo Economico della Regione Puglia<\/p>\n<p><strong>Il sistema delle coop le persone e l\u2019energia<\/strong><br \/>\n<em>Dott. Carmelo Rollo<\/em>, Presidente regionale Legacoop<\/p>\n<p><strong>Le CER e gli aspetti sociali pei i Sindaci<\/strong><br \/>\n<em>Dott. Vincenzo Vadrucchi<\/em>, Sindaco di Nociglia (LE)<\/p>\n<p><strong>\u201cGruppi di autoconsumatori e C.E.R.: chi pu\u00f2 realizzarle e possibili configurazioni\u201d<\/strong><br \/>\n<em>Ing. Arcangelo Tarantino<\/em>, CEO EcoConsult, Esperto in Gestione dell\u2019Energia Civile e Industriale<\/p>\n<p><strong>\u201cComunit\u00e0 Energetiche e Scenari della Digital Energy\u201d<\/strong><br \/>\n<em>Ing. Antonio Sacchetti<\/em>, CEO Tera S.r.l.<\/p>\n<p><strong>\u201cGli aspetti fiscali e agevolativi delle C.E.R.\u201d<\/strong><br \/>\n<em>Dott. Giulio Petulicchio<\/em>, Informaetika \u2013 Dottore commercialista e componenete commissione bilancio OIC<\/p>\n<p style=\"text-align: right\"><em>*da confermare<\/em><\/p>\n[\/vc_column_text][\/vc_column_inner][\/vc_row_inner][vc_empty_space height=&#8221;10px&#8221;][vc_separator color=&#8221;custom&#8221; accent_color=&#8221;#006838&#8243;][vc_empty_space height=&#8221;10px&#8221;][vc_row_inner][vc_column_inner width=&#8221;1\/4&#8243;][vc_single_image image=&#8221;6239&#8243; img_size=&#8221;medium&#8221; css_animation=&#8221;fadeInDown&#8221;][\/vc_column_inner][vc_column_inner width=&#8221;3\/4&#8243;][vc_column_text css_animation=&#8221;fadeInDown&#8221;]<em>Sabato 25 Novembre\u00a0 |\u00a0 ore 10.30\u00a0 |\u00a0 <\/em>Padiglione <strong>20<\/strong>, Arena <strong>B<\/strong><\/p>\n<h3>Tecnologie e creativit\u00e0<\/h3>\n<h4>Il ruolo di sostenibilit\u00e0, innovazione e nuove competenze<\/h4>\n<p><strong>Modera:<\/strong> prof. Giuseppe Paccione, Giornalista<\/p>\n<p><a class=\"btn btn-lg btn-primary my-2\" href=\"https:\/\/www.mecspebari.it\/\/public\/uploads\/sites\/16\/Locandina_SinergItaly.jpeg\" target=\"_blank\" rel=\"noopener\">Scarica la locandina<\/a>[\/vc_column_text][\/vc_column_inner][\/vc_row_inner][vc_empty_space height=&#8221;10px&#8221;][\/vc_column][\/vc_row]\n","protected":false},"excerpt":{"rendered":"<p>[vc_row el_class=&#8221;my-1&#8243;][vc_column][vc_row_inner][vc_column_inner el_class=&#8221;py-lg-2 px-lg-5&#8243; width=&#8221;2\/3&#8243;][vc_column_text] Cuore Mostra [\/vc_column_text][vc_text_separator title=&#8221;Padiglione 20 &#8211; A12&#8243; i_icon_fontawesome=&#8221;fas fa-map-marker-alt&#8221; i_color=&#8221;custom&#8221; i_background_style=&#8221;rounded&#8221; title_align=&#8221;separator_align_left&#8221; align=&#8221;align_left&#8221; color=&#8221;custom&#8221; add_icon=&#8221;true&#8221; i_custom_color=&#8221;#006838&#8243; accent_color=&#8221;#006838&#8243;][vc_column_text]L&#8217;iniziativa principale della manifestazione atta a trattare tematiche di stretta attualit\u00e0 e rilevanza per l\u2019industria manifatturiera e non solo. MECSPE in ogni sua edizione, organizza un CUORE MOSTRA ovvero un\u2019iniziativa speciale volta ad anticipare [&hellip;]<\/p>\n","protected":false},"author":23,"featured_media":1342,"parent":0,"menu_order":0,"comment_status":"closed","ping_status":"closed","template":"","meta":[],"acf":[],"aioseo_notices":[],"_links":{"self":[{"href":"https:\/\/www.mecspebari.it\/it\/wp-json\/wp\/v2\/pages\/4022"}],"collection":[{"href":"https:\/\/www.mecspebari.it\/it\/wp-json\/wp\/v2\/pages"}],"about":[{"href":"https:\/\/www.mecspebari.it\/it\/wp-json\/wp\/v2\/types\/page"}],"author":[{"embeddable":true,"href":"https:\/\/www.mecspebari.it\/it\/wp-json\/wp\/v2\/users\/23"}],"replies":[{"embeddable":true,"href":"https:\/\/www.mecspebari.it\/it\/wp-json\/wp\/v2\/comments?post=4022"}],"version-history":[{"count":5,"href":"https:\/\/www.mecspebari.it\/it\/wp-json\/wp\/v2\/pages\/4022\/revisions"}],"predecessor-version":[{"id":6348,"href":"https:\/\/www.mecspebari.it\/it\/wp-json\/wp\/v2\/pages\/4022\/revisions\/6348"}],"wp:featuredmedia":[{"embeddable":true,"href":"https:\/\/www.mecspebari.it\/it\/wp-json\/wp\/v2\/media\/1342"}],"wp:attachment":[{"href":"https:\/\/www.mecspebari.it\/it\/wp-json\/wp\/v2\/media?parent=4022"}],"curies":[{"name":"wp","href":"https:\/\/api.w.org\/{rel}","templated":true}]}}