{"id":3107,"date":"2023-04-12T12:45:48","date_gmt":"2023-04-12T12:45:48","guid":{"rendered":"https:\/\/www.mecspebari.it\/?page_id=3107"},"modified":"2025-12-12T15:47:12","modified_gmt":"2025-12-12T15:47:12","slug":"fabbrica-digitale","status":"publish","type":"page","link":"https:\/\/www.mecspebari.it\/it\/fabbrica-digitale\/","title":{"rendered":"Fabbrica digitale"},"content":{"rendered":"[vc_row equal_height=&#8221;yes&#8221; el_class=&#8221;my-1&#8243;][vc_column][vc_row_inner equal_height=&#8221;yes&#8221; content_placement=&#8221;top&#8221;][vc_column_inner el_class=&#8221;py-lg-2 px-lg-5&#8243; width=&#8221;2\/3&#8243;][vc_column_text]\n<h2 class=\"mb-1\">Fabbrica digitale<\/h2>\n[\/vc_column_text][vc_column_text]Il\u00a0<strong>Salone Fabbrica digitale<\/strong>\u00a0si occupa delle tematiche relative alla fabbrica intelligente oggi definita\u00a0<strong>industria 4.0<\/strong>\u00a0che rappresenta il cardine dell\u2019industria del futuro, dove tecnologia e business sono sempre pi\u00f9 interconnessi dando vita ad una produzione di\u00a0<strong>prodotti intelligenti<\/strong>.<\/p>\n<p>Dall\u2019informatica alla Sensoristica industriale, dal Cloud Manufacturing alle Tecnologie di identificazione automatica (RFID \u2013 NFC Near Field Communication), fino ai Software e alle macchine capaci di comunicare in wireless attraverso l\u2019IoT, l\u2019Internet delle cose, <strong>questo nuovo sistema di<\/strong> <strong>produzione<\/strong>\u00a0<strong>consentir\u00e0 non solo di risparmiare costi di produzione e trasferimento di materiali ma anche e soprattutto di tagliare i tempi <\/strong>e <strong>aumentare la velocit\u00e0 di risposta<\/strong>. Un nuovo contesto per le aziende che non dovranno pi\u00f9 concentrarsi sull\u2019intero ciclo produttivo ma individuare il passaggio chiave di questo processo in cui si concentra il valore.[\/vc_column_text][vc_column_text]\n<h5><em>Informatica industriale | IoT | Sensoristica industriale | Cloud-manufacturing | Tecnologie di identificazione automatica | Applicazioni, dispositivi, strumentazione e componentistica intelligente per l\u2019interpretazione e l\u2019interconnessione dei processi<\/em><\/h5>\n[\/vc_column_text][vc_column_text]<a class=\"btn btn-lg btn-primary my-2\" href=\"https:\/\/www.mecspebari.it\/it\/contatti\/\">Diventa espositore<\/a> <a class=\"btn btn-lg btn-primary outline ml-2 my-2\" href=\"\/public\/uploads\/sites\/16\/BRO-MECSPE-BARI-25-WEB-1.pdf\" target=\"_blank\" rel=\"noopener\">Scarica la brochure MECSPE Bari 2025<\/a>[\/vc_column_text][vc_separator][\/vc_column_inner][vc_column_inner el_class=&#8221;p-1 p-sm-3 p-lg-4 bg-darker&#8221; width=&#8221;1\/3&#8243;][vc_column_text]\n<h3 class=\"mt-0\">Saloni espositivi<\/h3>\n[\/vc_column_text][vc_wp_custommenu nav_menu=&#8221;43&#8243;][\/vc_column_inner][\/vc_row_inner][\/vc_column][\/vc_row][vc_row el_class=&#8221;my-2&#8243;][vc_column width=&#8221;1\/6&#8243;][\/vc_column][vc_column width=&#8221;2\/3&#8243;][vc_row_inner][vc_column_inner][vc_column_text]\n<h2 style=\"font-size: 39px;text-align: center\">Le voci degli espositori<\/h2>\n<p class=\"subtitle\" style=\"text-align: center\"><span style=\"font-size: 28px\">della prossima edizione di MECSPE Bari<\/span><\/p>\n[\/vc_column_text][\/vc_column_inner][\/vc_row_inner][vc_row_inner][vc_column_inner width=&#8221;1\/3&#8243;][vc_single_image image=&#8221;7225&#8243; img_size=&#8221;&#8221; alignment=&#8221;center&#8221; style=&#8221;vc_box_shadow_border_circle_2&#8243; css_animation=&#8221;fadeInLeft&#8221;][\/vc_column_inner][vc_column_inner width=&#8221;2\/3&#8243;][vc_column_text css_animation=&#8221;fadeInRight&#8221;]<em>&#8220;Azerouno partecipa a MECSPE Bari presentando la Suite Concept. Il suo fiore all\u2019occhiello \u00e8 Concept\/ERP, sviluppato per rispondere alle esigenze di carpenterie e aziende metalmeccaniche. La piattaforma consente una gestione completa dei processi aziendali: dalla preventivazione alla fatturazione, con un focus su produzione, logistica e magazzino. Grazie a una struttura modulare e all\u2019interfaccia intuitiva, Concept si adatta facilmente a imprese di ogni dimensione, migliorando efficienza e controllo operativo. Partecipare a MECSPE Bari \u00e8 per noi strategico: vogliamo rafforzare la nostra presenza nel Sud Italia e supportare le aziende locali nel percorso di digitalizzazione e crescita competitiva&#8221;<\/em><\/p>\n<p><strong>Alessandro Cisar\u00f2, Analyst &amp; Sales Manager Azerouno<\/strong>[\/vc_column_text][\/vc_column_inner][\/vc_row_inner][vc_separator][vc_row_inner][vc_column_inner width=&#8221;1\/3&#8243;][vc_single_image image=&#8221;7733&#8243; img_size=&#8221;&#8221; alignment=&#8221;center&#8221; style=&#8221;vc_box_shadow_border_circle_2&#8243; css_animation=&#8221;fadeInLeft&#8221;][\/vc_column_inner][vc_column_inner width=&#8221;2\/3&#8243;][vc_column_text css_animation=&#8221;fadeInRight&#8221;]<em>&#8220;- MECSPE Bari rappresenta per noi un\u2019importante occasione per creare nuove opportunit\u00e0 di business e rafforzare la collaborazione con le aziende del territorio. Da oltre 50 anni, infatti, affianchiamo le PMI nei loro percorsi di trasformazione con UniQa, la suite modulare che integra ERP, Industria 4.0, Tesoreria, Credito, Gestione Documentale e molto altro. La nostra presenza qui nasce dalla volont\u00e0 di generare valore concreto per le imprese che guardano alla digitalizzazione come leva strategica di crescita e competitivit\u00e0, grazie alla nostra consolidata esperienza di mercato e alla profonda conoscenza dei processi aziendali&#8221;<\/em><\/p>\n<p><strong>&#8211; Giuseppe Iannuzzi, Direttore Vendite area Centro Sud di Formula SPA<\/strong>[\/vc_column_text][\/vc_column_inner][\/vc_row_inner][vc_separator][vc_row_inner][vc_column_inner width=&#8221;1\/3&#8243;][vc_single_image image=&#8221;8997&#8243; img_size=&#8221;&#8221; alignment=&#8221;center&#8221; style=&#8221;vc_box_shadow_border_circle_2&#8243; css_animation=&#8221;fadeInLeft&#8221;][\/vc_column_inner][vc_column_inner width=&#8221;2\/3&#8243;][vc_column_text css_animation=&#8221;fadeInRight&#8221;]<em>&#8220;Partecipare a MECSPE Bari 2025 \u00e8 per noi un momento importante di confronto con il mondo manifatturiero del Centro-Sud Italia.<br \/>\nVogliamo mostrare come NET@PRO, la nostra Digital Manufacturing Suite, supporti concretamente le aziende nel percorso verso una produzione pi\u00f9 efficiente, tracciabile e connessa. Durante l\u2019evento, il 28 novembre, presenteremo anche il caso Isolresine, un esempio concreto di come la digitalizzazione possa trasformare i processi produttivi e generare valore reale.&#8221;<\/em><\/p>\n<p><strong>Laura De Zio, Sales &amp; Marketing Director Qualitas<\/strong>[\/vc_column_text][\/vc_column_inner][\/vc_row_inner][\/vc_column][vc_column width=&#8221;1\/6&#8243;][\/vc_column][\/vc_row][vc_row][vc_column width=&#8221;1\/6&#8243;][\/vc_column][vc_column width=&#8221;2\/3&#8243;][vc_row_inner][vc_column_inner][vc_text_separator title=&#8221;La voce degli espositori delle scorse edizioni&#8221; color=&#8221;custom&#8221; accent_color=&#8221;#016838&#8243;][\/vc_column_inner][\/vc_row_inner][vc_row_inner][vc_column_inner width=&#8221;1\/3&#8243;][vc_single_image image=&#8221;3726&#8243; img_size=&#8221;&#8221; alignment=&#8221;center&#8221; style=&#8221;vc_box_shadow_border_circle_2&#8243; css_animation=&#8221;slideInLeft&#8221;][\/vc_column_inner][vc_column_inner width=&#8221;2\/3&#8243;][vc_column_text css_animation=&#8221;slideInRight&#8221;]<em><span class=\"TextRun SCXW107149007 BCX9\" lang=\"IT-IT\" xml:lang=\"IT-IT\" data-contrast=\"auto\"><span class=\"NormalTextRun SCXW107149007 BCX9\" data-ccp-charstyle=\"x_ui-provider\" data-ccp-charstyle-defn=\"{&quot;ObjectId&quot;:&quot;a6315afa-255a-422c-8073-57e78e6455b5|6&quot;,&quot;ClassId&quot;:1073872969,&quot;Properties&quot;:[469775450,&quot;x_ui-provider&quot;,201340122,&quot;1&quot;,134233614,&quot;true&quot;,469778129,&quot;xui-provider&quot;,335572020,&quot;1&quot;,469778324,&quot;Default Paragraph Font&quot;]}\">\u201cMECSPE Bari rappresenta per <strong>Tesar<\/strong> un evento importante, che ci permette di abbracciare un <strong>mercato ricco di opportunit\u00e0<\/strong> come quello del<strong> sud Italia<\/strong>. Bari \u00e8 inoltre diventato da poco un punto strategico per noi, in quanto sede di Tesar Automation, la nostra filiale dedicata all\u2019automazione industriale. Per la prossima edizione della fiera abbiamo in serbo novit\u00e0 importanti, tra cui nuovi prodotti per l\u2019Industria 4.0 rivolti alla riduzione dei consumi in ottica sostenibile, che si aggiungeranno all\u2019offerta Tesar, gi\u00e0 ricca di soluzioni all\u2019avanguardia. Al nostro stand sar\u00e0 presente inoltre <\/span><span class=\"NormalTextRun SCXW107149007 BCX9\" data-ccp-charstyle=\"x_ui-provider\">OmniAGV<\/span><span class=\"NormalTextRun SCXW107149007 BCX9\" data-ccp-charstyle=\"x_ui-provider\">, il nostro veicolo per la logistica industriale a guida automatizzata, vincitore del premio innovazione 4.0 e candidato al compasso d\u2019oro 2024\u201d<\/span><\/span><span class=\"EOP SCXW107149007 BCX9\" data-ccp-props=\"{&quot;201341983&quot;:0,&quot;335559739&quot;:0,&quot;335559740&quot;:240}\">\u00a0<\/span><\/em><\/p>\n<p><strong><span class=\"TextRun SCXW134585168 BCX9\" lang=\"IT-IT\" xml:lang=\"IT-IT\" data-contrast=\"auto\"><span class=\"NormalTextRun SCXW134585168 BCX9\" data-ccp-charstyle=\"x_ui-provider\" data-ccp-charstyle-defn=\"{&quot;ObjectId&quot;:&quot;f555da6e-75a1-4232-abb1-21f1df173a7f|6&quot;,&quot;ClassId&quot;:1073872969,&quot;Properties&quot;:[469775450,&quot;x_ui-provider&quot;,201340122,&quot;1&quot;,134233614,&quot;true&quot;,469778129,&quot;xui-provider&quot;,335572020,&quot;1&quot;,469778324,&quot;Default Paragraph Font&quot;]}\">Mauro Manzetti, COO di Tesar<\/span><\/span><\/strong>[\/vc_column_text][\/vc_column_inner][\/vc_row_inner][vc_separator][vc_row_inner][vc_column_inner width=&#8221;1\/3&#8243;][vc_single_image image=&#8221;3757&#8243; img_size=&#8221;&#8221; alignment=&#8221;center&#8221; style=&#8221;vc_box_shadow_border_circle_2&#8243; css_animation=&#8221;slideInLeft&#8221;][\/vc_column_inner][vc_column_inner width=&#8221;2\/3&#8243;][vc_column_text css_animation=&#8221;slideInRight&#8221;]\n<p style=\"text-align: left\"><em>\u201cCome direttore della ricerca e sviluppo di soluzioni gestionali per la PMI di una grande software house, non posso che confermare la strategicit\u00e0 della partecipazione a <strong>MECSPE Bari<\/strong>. L\u2019impulso trasmesso dal PNRR al comparto manifatturiero, con particolare attenzione al mondo delle smart factory, ha riportato l\u2019innovazione tecnologica al centro dei piani di sviluppo di molte PMI italiane. In questo contesto MECSPE Bari rappresenta la vetrina ideale per presentare all\u2019industria manifatturiera\u00a0le nostre soluzioni per la digitalizzazione di fabbrica. Partecipare a MECSPE Bari ci consente di mostrare il nostro supporto all&#8217;industria manifatturiera nella transizione verso modelli di produzione pi\u00f9 intelligenti, connessi e sostenibili. In sintesi, essere presenti a MECSPE Bari ci consente di accedere a un <strong>vasto pubblico di decision makers dell&#8217;industria manifatturiera<\/strong>, promuovere le nostre soluzioni ERP e stabilire relazioni commerciali durature con le aziende interessate a migliorare la loro efficienza e competitivit\u00e0 attraverso l&#8217;adozione di tecnologie avanzate.\u201d<\/em><\/p>\n<p style=\"text-align: left\"><strong><span class=\"TextRun SCXW134585168 BCX9\" lang=\"IT-IT\" xml:lang=\"IT-IT\" data-contrast=\"auto\"><span class=\"NormalTextRun SCXW134585168 BCX9\" data-ccp-charstyle=\"x_ui-provider\" data-ccp-charstyle-defn=\"{&quot;ObjectId&quot;:&quot;f555da6e-75a1-4232-abb1-21f1df173a7f|6&quot;,&quot;ClassId&quot;:1073872969,&quot;Properties&quot;:[469775450,&quot;x_ui-provider&quot;,201340122,&quot;1&quot;,134233614,&quot;true&quot;,469778129,&quot;xui-provider&quot;,335572020,&quot;1&quot;,469778324,&quot;Default Paragraph Font&quot;]}\">Christan Pari, direttore R&amp;S area imprese &#8211; commercialisti Passepartout<\/span><\/span><\/strong><\/p>\n[\/vc_column_text][\/vc_column_inner][\/vc_row_inner][vc_separator][vc_row_inner][vc_column_inner width=&#8221;1\/3&#8243;][vc_single_image image=&#8221;3853&#8243; img_size=&#8221;&#8221; alignment=&#8221;center&#8221; style=&#8221;vc_box_shadow_border_circle_2&#8243; css_animation=&#8221;slideInLeft&#8221;][\/vc_column_inner][vc_column_inner width=&#8221;2\/3&#8243;][vc_column_text css_animation=&#8221;slideInRight&#8221;]<em><span class=\"EOP SCXW107149007 BCX9\" data-ccp-props=\"{&quot;201341983&quot;:0,&quot;335559739&quot;:0,&quot;335559740&quot;:240}\">&#8220;La partecipazione di DIG:ITA a MECSPE Bari \u00e8 un&#8217;opportunit\u00e0 imperdibile per sottolineare il ruolo cruciale della <strong>digitalizzazione nella trasformazione del settore manifatturiero<\/strong>. Crediamo fermamente che l&#8217;innovazione digitale sia l&#8217;ingrediente chiave per migliorare l&#8217;efficienza dei processi produttivi, ottimizzare le risorse e guidare la sostenibilit\u00e0 industriale. Presentando MOSAICO, la piattaforma per la condivisione della produzione e dei processi industriali, al cui interno lavorano anche i nostri digital operator &#8211; iDO, AI.DA e U-MANO &#8211; intendiamo mostrare come la tecnologia pu\u00f2 essere un catalizzatore per l&#8217;evoluzione industriale. Riteniamo che la manifattura italiana, con particolare riferimento al fervente tessuto industriale pugliese, abbia un enorme potenziale per emergere come un <strong>hub di innovazione industriale<\/strong>, e speriamo che la nostra presenza possa contribuire a catalizzare tale crescita. Questo evento rappresenta <strong>un&#8217;occasione per condividere le nostre idee, apprendere da altri protagonisti del settore e lavorare insieme per plasmare il futuro della manifattura italiana<\/strong>.\u201d <\/span><\/em><\/p>\n<p><strong><span class=\"TextRun SCXW134585168 BCX9\" lang=\"IT-IT\" xml:lang=\"IT-IT\" data-contrast=\"auto\"><span class=\"NormalTextRun SCXW134585168 BCX9\" data-ccp-charstyle=\"x_ui-provider\" data-ccp-charstyle-defn=\"{&quot;ObjectId&quot;:&quot;f555da6e-75a1-4232-abb1-21f1df173a7f|6&quot;,&quot;ClassId&quot;:1073872969,&quot;Properties&quot;:[469775450,&quot;x_ui-provider&quot;,201340122,&quot;1&quot;,134233614,&quot;true&quot;,469778129,&quot;xui-provider&quot;,335572020,&quot;1&quot;,469778324,&quot;Default Paragraph Font&quot;]}\">Edoardo Cella, CDO di DIG:ITA<\/span><\/span><\/strong>[\/vc_column_text][\/vc_column_inner][\/vc_row_inner][vc_separator][vc_row_inner][vc_column_inner width=&#8221;1\/3&#8243;][vc_single_image image=&#8221;4044&#8243; img_size=&#8221;&#8221; alignment=&#8221;center&#8221; style=&#8221;vc_box_shadow_border_circle_2&#8243; css_animation=&#8221;slideInLeft&#8221;][\/vc_column_inner][vc_column_inner width=&#8221;2\/3&#8243;][vc_column_text css_animation=&#8221;slideInRight&#8221;]\n<p style=\"text-align: left\"><em>\u201cPer il 2\u00b0 anno il gruppo TeamSystem sar\u00e0 a <strong>MECSPE BARI<\/strong>, <strong>luogo di incontro e riferimento per l&#8217;industria manifatturiera italiana<\/strong>. Essere al MECSPE \u00e8 importante perch\u00e9 crediamo che le nostre soluzioni possano accompagnare le imprese italiane nel processo di transizione digitale ed energetica. Nei 3 giorni della fiera parleremo di soluzioni pensate per l\u2019<strong>Industria 4.0<\/strong>, software e sistemi all\u2019avanguardia per la gestione delle operation di fabbrica come la pianificazione e la schedulazione della produzione, l\u2019efficientamento dei processi e la gestione e la formazione delle risorse.\u201d<\/em><\/p>\n<p style=\"text-align: left\"><strong><span class=\"TextRun SCXW134585168 BCX9\" lang=\"IT-IT\" xml:lang=\"IT-IT\" data-contrast=\"auto\"><span class=\"NormalTextRun SCXW134585168 BCX9\" data-ccp-charstyle=\"x_ui-provider\" data-ccp-charstyle-defn=\"{&quot;ObjectId&quot;:&quot;f555da6e-75a1-4232-abb1-21f1df173a7f|6&quot;,&quot;ClassId&quot;:1073872969,&quot;Properties&quot;:[469775450,&quot;x_ui-provider&quot;,201340122,&quot;1&quot;,134233614,&quot;true&quot;,469778129,&quot;xui-provider&quot;,335572020,&quot;1&quot;,469778324,&quot;Default Paragraph Font&quot;]}\">Achille Magni, Head of Enterprise Sales Centro Sud &#8211; TeamSystem<\/span><\/span><\/strong><\/p>\n[\/vc_column_text][\/vc_column_inner][\/vc_row_inner][vc_separator][vc_row_inner][vc_column_inner width=&#8221;1\/3&#8243;][vc_single_image image=&#8221;4660&#8243; img_size=&#8221;&#8221; alignment=&#8221;center&#8221; style=&#8221;vc_box_shadow_border_circle_2&#8243; css_animation=&#8221;slideInLeft&#8221;][\/vc_column_inner][vc_column_inner width=&#8221;2\/3&#8243;][vc_column_text css_animation=&#8221;slideInRight&#8221;]<em><span class=\"EOP SCXW107149007 BCX9\" data-ccp-props=\"{&quot;201341983&quot;:0,&quot;335559739&quot;:0,&quot;335559740&quot;:240}\">&#8220;Partecipare al MECSPE \u00e8 fondamentale per un\u2019azienda in crescita come Corex poich\u00e9 offre numerosi vantaggi. La fiera offre l\u2019<strong>opportunit\u00e0 di mostrare i propri servizi di consulenza a un vasto pubblico<\/strong>, <strong>migliorando la visibilit\u00e0<\/strong> e il <strong>riconoscimento del marchio<\/strong>. Inoltre, attraverso il coinvolgimento diretto con potenziali clienti, l\u2019azienda pu\u00f2 generare contatti e costruire relazioni preziose. Durante la fiera sar\u00e0 illustrata l&#8217;offerta dei servizi in ambito <strong>industria 4.0<\/strong>, <strong>Ricerca e Sviluppo<\/strong>, <strong>Digitalizzazione delle imprese<\/strong>, <strong>Sistemi di Gestione per la Qualit\u00e0 e Ambientali<\/strong>, progetti di transizione ecologica e tanto altro. La presenza all&#8217;interno del salone Fabbrica Digitale facilita, inoltre, il networking consentendo la collaborazione e la condivisione delle conoscenze.<br \/>\n<\/span><\/em><em><span class=\"EOP SCXW107149007 BCX9\" data-ccp-props=\"{&quot;201341983&quot;:0,&quot;335559739&quot;:0,&quot;335559740&quot;:240}\">Corex affianca i suoi clienti, dal piccolo imprenditore alla grande impresa, offrendo supporto attivo e continuo nel settore tecnico \u2013 ingegneristico \u2013 gestionale, grazie anche alla sua rete di partner acquisita negli anni.\u201d <\/span><\/em><\/p>\n<p><strong><span class=\"TextRun SCXW134585168 BCX9\" lang=\"IT-IT\" xml:lang=\"IT-IT\" data-contrast=\"auto\"><span class=\"NormalTextRun SCXW134585168 BCX9\" data-ccp-charstyle=\"x_ui-provider\" data-ccp-charstyle-defn=\"{&quot;ObjectId&quot;:&quot;f555da6e-75a1-4232-abb1-21f1df173a7f|6&quot;,&quot;ClassId&quot;:1073872969,&quot;Properties&quot;:[469775450,&quot;x_ui-provider&quot;,201340122,&quot;1&quot;,134233614,&quot;true&quot;,469778129,&quot;xui-provider&quot;,335572020,&quot;1&quot;,469778324,&quot;Default Paragraph Font&quot;]}\">Luigi Maria Tridico, CDO &amp; Cofounder di Corex srls<\/span><\/span><\/strong>[\/vc_column_text][\/vc_column_inner][\/vc_row_inner][vc_separator][vc_row_inner][vc_column_inner width=&#8221;1\/3&#8243;][vc_single_image image=&#8221;5028&#8243; img_size=&#8221;&#8221; alignment=&#8221;center&#8221; style=&#8221;vc_box_shadow_border_circle_2&#8243; css_animation=&#8221;slideInLeft&#8221;][\/vc_column_inner][vc_column_inner width=&#8221;2\/3&#8243;][vc_column_text css_animation=&#8221;slideInRight&#8221;]\n<p style=\"text-align: left\"><em>\u201cHyperlean ha deciso di partecipare al MECSPE di Bari per <strong>incontrare le eccellenze del centro-sud Italia<\/strong> e presentare le soluzioni software <strong>LeanCOST<\/strong> e <strong>LeanDESIGNER<\/strong> che offrono un supporto nella configurazione, progettazione e preventivazione nei vari settori manifatturieri grazie all\u2019integrazione con i pi\u00f9 moderni sistemi CAD 3D. <\/em><\/p>\n<p style=\"text-align: left\"><em>Il MECSPE \u00e8 l\u2019evento ideale per presentare la tecnologia come abilitatore che ottimizza il processo di sviluppo del prodotto: genera risparmi, riduce il time to market e la possibilit\u00e0 di errore umano. <\/em><em>\u00c8 importante per noi collaborare con un <strong>tessuto industriale strategico<\/strong>, fatto di professionisti attenti e motivati, che gode altres\u00ec di una naturale apertura verso i paesi del Mediterraneo. Il nostro team sar\u00e0 a disposizione dei visitatori per offrire <strong>DEMO live dedicate<\/strong>, confrontarsi sulle sfide e le opportunit\u00e0 del settore e incontrare nuovi potenziali partner. <\/em><em>Vi aspettiamo allo Stand Q22!<\/em> <em>\u201d<\/em><\/p>\n<p style=\"text-align: left\"><strong><span class=\"TextRun SCXW134585168 BCX9\" lang=\"IT-IT\" xml:lang=\"IT-IT\" data-contrast=\"auto\"><span class=\"NormalTextRun SCXW134585168 BCX9\" data-ccp-charstyle=\"x_ui-provider\" data-ccp-charstyle-defn=\"{&quot;ObjectId&quot;:&quot;f555da6e-75a1-4232-abb1-21f1df173a7f|6&quot;,&quot;ClassId&quot;:1073872969,&quot;Properties&quot;:[469775450,&quot;x_ui-provider&quot;,201340122,&quot;1&quot;,134233614,&quot;true&quot;,469778129,&quot;xui-provider&quot;,335572020,&quot;1&quot;,469778324,&quot;Default Paragraph Font&quot;]}\">Giovanni Picca, Presidente &#8211; HYPERLEAN<\/span><\/span><\/strong><\/p>\n[\/vc_column_text][\/vc_column_inner][\/vc_row_inner][vc_separator][vc_row_inner][vc_column_inner width=&#8221;1\/3&#8243;][vc_single_image image=&#8221;5237&#8243; img_size=&#8221;&#8221; alignment=&#8221;center&#8221; style=&#8221;vc_box_shadow_border_circle_2&#8243; css_animation=&#8221;slideInLeft&#8221;][\/vc_column_inner][vc_column_inner width=&#8221;2\/3&#8243;][vc_column_text css_animation=&#8221;slideInRight&#8221;]<em><span class=\"EOP SCXW107149007 BCX9\" data-ccp-props=\"{&quot;201341983&quot;:0,&quot;335559739&quot;:0,&quot;335559740&quot;:240}\">&#8220;<\/span>Partecipare al MECSPE Bari per Mare Group \u00e8 una importante opportunit\u00e0 da cogliere. In un mondo in rapida evoluzione, dove l&#8217;industria 5.0 non \u00e8 pi\u00f9 un&#8217;aspirazione ma una realt\u00e0 tangibile, essere presenti a questo appuntamento \u00e8 fondamentale. Qui, <strong>l&#8217;industria manifatturiera incontra l&#8217;innovazione<\/strong>, <strong>la sostenibilit\u00e0<\/strong> e <strong>la digitalizzazione<\/strong>, concetti che sono nel DNA del nostro Gruppo.<br \/>\n<\/em><em>Con clienti che vanno dall\u2019Automotive all\u2019Aerospaziale, dal Manifatturiero alla Meccanica di precisione, dai Beni Culturali alla Pubblica Amministrazione e un fatturato complessivo di gruppo che, a fine 2022 ha superato i 39 milioni, ci poniamo come punto di riferimento nello scenario tecnologico 4.0. e al MECSPE Bari, <strong>avremo l&#8217;occasione di mostrare non solo i nostri prodotti, servizi e tecnologie ma la nostra visione del futuro<\/strong>. Ci aspettiamo scambi proficui, occasioni di business e momenti di networking, ma soprattutto, l&#8217;opportunit\u00e0 di condividere e apprendere dall&#8217;eccellenza di tutta la filiera per un settore produttivo sempre pi\u00f9 digitale, sostenibile e all&#8217;avanguardia.<span class=\"EOP SCXW107149007 BCX9\" data-ccp-props=\"{&quot;201341983&quot;:0,&quot;335559739&quot;:0,&quot;335559740&quot;:240}\">\u201d<\/span><\/em><\/p>\n<p><b>Fulvio Guarino, CCO di MARE GROUP<\/b>[\/vc_column_text][\/vc_column_inner][\/vc_row_inner][vc_separator][vc_row_inner][vc_column_inner width=&#8221;1\/3&#8243;][vc_single_image image=&#8221;5575&#8243; img_size=&#8221;&#8221; alignment=&#8221;center&#8221; style=&#8221;vc_box_shadow_border_circle_2&#8243; css_animation=&#8221;slideInLeft&#8221;][\/vc_column_inner][vc_column_inner width=&#8221;2\/3&#8243;][vc_column_text css_animation=&#8221;slideInRight&#8221;]\n<p style=\"text-align: left\"><em>\u201cSiamo contenti di partecipare al MECSPE Bari, per Futura Ingegneria \u00e8 <strong>un\u2019imperdibile occasione<\/strong> per far conoscere la nostra realt\u00e0 giovane e fortemente orientata all&#8217;innovazione digitale.\u00a0 <\/em><em>La principale novit\u00e0 che presenteremo sar\u00e0 la nostra <strong>piattaforma di Realt\u00e0 Aumentata<\/strong>, ideata per supportare la supervisione e la manutenzione di macchine e impianti industriali realizzando un Digital Twin in tempo reale. Questo strumento nasce con l\u2019obbiettivo di ottimizzare i processi produttivi e le risorse impiegate, integrandosi perfettamente con l\u2019ambiente industriale. <\/em><em>L&#8217;Italia, ma soprattutto <strong>la Puglia<\/strong>, si sta trasformando in un <strong>polo di innovazione<\/strong> con particolare attenzione alla trasformazione dei classici processi industriali; noi di Futura vogliamo far parte di questo cambiamento oramai gi\u00e0 tangibile, portando il futuro qui da noi. <\/em><em>Sicuramente questa fiera sar\u00e0 l&#8217;occasione giusta per condividere idee, intrecciare nuove relazioni e noi <strong>non vediamo l&#8217;ora di iniziare<\/strong>.\u201d<\/em><\/p>\n<p style=\"text-align: left\"><strong><span class=\"TextRun SCXW134585168 BCX9\" lang=\"IT-IT\" xml:lang=\"IT-IT\" data-contrast=\"auto\"><span class=\"NormalTextRun SCXW134585168 BCX9\" data-ccp-charstyle=\"x_ui-provider\" data-ccp-charstyle-defn=\"{&quot;ObjectId&quot;:&quot;f555da6e-75a1-4232-abb1-21f1df173a7f|6&quot;,&quot;ClassId&quot;:1073872969,&quot;Properties&quot;:[469775450,&quot;x_ui-provider&quot;,201340122,&quot;1&quot;,134233614,&quot;true&quot;,469778129,&quot;xui-provider&quot;,335572020,&quot;1&quot;,469778324,&quot;Default Paragraph Font&quot;]}\">Giampiero Pupillo, CEO di Futura Ingegneria<\/span><\/span><\/strong><\/p>\n[\/vc_column_text][\/vc_column_inner][\/vc_row_inner][\/vc_column][vc_column width=&#8221;1\/6&#8243;][\/vc_column][\/vc_row][vc_row][vc_column][vc_row_inner][vc_column_inner][vc_column_text]\n<h2 style=\"font-size: 39px;text-align: center\">Dicono di noi<\/h2>\n<p class=\"subtitle\" style=\"text-align: center\"><span style=\"font-size: 28px\">Le opinioni degli espositori sulla fiera MECSPE: testimonianze dirette dal cuore dell&#8217;evento<\/span><\/p>\n[\/vc_column_text][\/vc_column_inner][\/vc_row_inner][vc_empty_space][vc_row_inner css=&#8221;.vc_custom_1721126085662{background-color: #efefef !important;}&#8221;][vc_column_inner width=&#8221;1\/3&#8243;][vc_video link=&#8221;https:\/\/youtu.be\/rFWMvpJi91Q&#8221; el_width=&#8221;90&#8243; align=&#8221;center&#8221;][vc_column_text]\n<p style=\"text-align: center\"><strong>Andrea Cometa &#8211; Apulia Software<\/strong><\/p>\n[\/vc_column_text][\/vc_column_inner][vc_column_inner width=&#8221;1\/3&#8243;][vc_video link=&#8221;https:\/\/youtu.be\/8yWKXUfGVdk&#8221; el_width=&#8221;90&#8243; align=&#8221;center&#8221;][vc_column_text]\n<p style=\"text-align: center\"><strong>Leonardo Russo &#8211; Ethica Systems<\/strong><\/p>\n[\/vc_column_text][\/vc_column_inner][vc_column_inner width=&#8221;1\/3&#8243;][vc_video link=&#8221;https:\/\/youtu.be\/TRkN7xPCvdQ&#8221; el_width=&#8221;90&#8243; align=&#8221;center&#8221;][vc_column_text]\n<p style=\"text-align: center\"><strong>Francesco Leyx &#8211; Hyperlean<\/strong><\/p>\n[\/vc_column_text][\/vc_column_inner][\/vc_row_inner][vc_row_inner css=&#8221;.vc_custom_1721126085662{background-color: #efefef !important;}&#8221;][vc_column_inner width=&#8221;1\/6&#8243;][\/vc_column_inner][vc_column_inner width=&#8221;1\/3&#8243;][vc_video link=&#8221;https:\/\/youtu.be\/9JHEgr2suAU&#8221; el_width=&#8221;90&#8243; align=&#8221;center&#8221;][vc_column_text]\n<p style=\"text-align: center\"><strong>Valerio Marchetti &#8211; Isaxis<\/strong><\/p>\n[\/vc_column_text][\/vc_column_inner][vc_column_inner width=&#8221;1\/3&#8243;][vc_video link=&#8221;https:\/\/youtu.be\/tbQqWYoUd-M&#8221; el_width=&#8221;90&#8243; align=&#8221;center&#8221;][vc_column_text]\n<p style=\"text-align: center\"><strong>Alberto Simoncini &#8211; Passeparout<\/strong><\/p>\n[\/vc_column_text][\/vc_column_inner][vc_column_inner width=&#8221;1\/6&#8243;][\/vc_column_inner][\/vc_row_inner][vc_row_inner css=&#8221;.vc_custom_1721126085662{background-color: #efefef !important;}&#8221;][vc_column_inner width=&#8221;1\/6&#8243;][\/vc_column_inner][vc_column_inner width=&#8221;1\/3&#8243;][vc_video link=&#8221;https:\/\/youtu.be\/yQJHBtAUKaY&#8221; el_width=&#8221;90&#8243; align=&#8221;center&#8221;][vc_column_text]\n<p style=\"text-align: center\"><strong>Paola Persico &#8211; Polaris<\/strong><\/p>\n[\/vc_column_text][\/vc_column_inner][vc_column_inner width=&#8221;1\/3&#8243;][vc_video link=&#8221;https:\/\/youtu.be\/ersQfpUB4I4&#8243; el_width=&#8221;90&#8243; align=&#8221;center&#8221;][vc_column_text]\n<p style=\"text-align: center\"><strong>Alessandro Cerchiaro &#8211; Tesar<\/strong><\/p>\n[\/vc_column_text][\/vc_column_inner][vc_column_inner width=&#8221;1\/6&#8243;][\/vc_column_inner][\/vc_row_inner][vc_empty_space][\/vc_column][\/vc_row]\n","protected":false},"excerpt":{"rendered":"<p>[vc_row equal_height=&#8221;yes&#8221; el_class=&#8221;my-1&#8243;][vc_column][vc_row_inner equal_height=&#8221;yes&#8221; content_placement=&#8221;top&#8221;][vc_column_inner el_class=&#8221;py-lg-2 px-lg-5&#8243; width=&#8221;2\/3&#8243;][vc_column_text] Fabbrica digitale [\/vc_column_text][vc_column_text]Il\u00a0Salone Fabbrica digitale\u00a0si occupa delle tematiche relative alla fabbrica intelligente oggi definita\u00a0industria 4.0\u00a0che rappresenta il cardine dell\u2019industria del futuro, dove tecnologia e business sono sempre pi\u00f9 interconnessi dando vita ad una produzione di\u00a0prodotti intelligenti. Dall\u2019informatica alla Sensoristica industriale, dal Cloud Manufacturing alle Tecnologie di identificazione [&hellip;]<\/p>\n","protected":false},"author":23,"featured_media":3731,"parent":0,"menu_order":0,"comment_status":"closed","ping_status":"closed","template":"","meta":[],"acf":[],"aioseo_notices":[],"_links":{"self":[{"href":"https:\/\/www.mecspebari.it\/it\/wp-json\/wp\/v2\/pages\/3107"}],"collection":[{"href":"https:\/\/www.mecspebari.it\/it\/wp-json\/wp\/v2\/pages"}],"about":[{"href":"https:\/\/www.mecspebari.it\/it\/wp-json\/wp\/v2\/types\/page"}],"author":[{"embeddable":true,"href":"https:\/\/www.mecspebari.it\/it\/wp-json\/wp\/v2\/users\/23"}],"replies":[{"embeddable":true,"href":"https:\/\/www.mecspebari.it\/it\/wp-json\/wp\/v2\/comments?post=3107"}],"version-history":[{"count":3,"href":"https:\/\/www.mecspebari.it\/it\/wp-json\/wp\/v2\/pages\/3107\/revisions"}],"predecessor-version":[{"id":9000,"href":"https:\/\/www.mecspebari.it\/it\/wp-json\/wp\/v2\/pages\/3107\/revisions\/9000"}],"wp:featuredmedia":[{"embeddable":true,"href":"https:\/\/www.mecspebari.it\/it\/wp-json\/wp\/v2\/media\/3731"}],"wp:attachment":[{"href":"https:\/\/www.mecspebari.it\/it\/wp-json\/wp\/v2\/media?parent=3107"}],"curies":[{"name":"wp","href":"https:\/\/api.w.org\/{rel}","templated":true}]}}